{"id":378,"date":"2012-10-10T14:49:14","date_gmt":"2012-10-10T17:49:14","guid":{"rendered":"http:\/\/reges.com.br\/realeza\/?page_id=378"},"modified":"2012-10-10T14:49:14","modified_gmt":"2012-10-10T17:49:14","slug":"ciencias-contabeis","status":"publish","type":"page","link":"http:\/\/reges.com.br\/realeza\/ciencias-contabeis\/","title":{"rendered":"Ci\u00eancias Cont\u00e1beis"},"content":{"rendered":"<p><img decoding=\"async\" class=\"alignleft size-full wp-image-160\" title=\"curso-adm\" src=\"http:\/\/reges.com.br\/realeza\/wp-content\/uploads\/2012\/10\/internocontabeis.png\" alt=\"\" \/><\/p>\n<p>&nbsp;<\/p>\n<ul class='gdl-toggle-box'>\r\n\r\n<li><h2 class='toggle-box-head title-color gdl-title'><span class='toggle-box-head-image'><\/span>Objetivos<\/h2><div class='toggle-box-content'><p><strong>&#8211; Geral:<\/strong><\/p>\n<p>O curso de Ci\u00eancias Cont\u00e1beis destina-se \u00e0 forma\u00e7\u00e3o de contadores, capacitados e qualificados ao exerc\u00edcio profissional, dotados de senso anal\u00edtico e cr\u00edtico, orientados pelos valores morais de nossa sociedade e pela institui\u00e7\u00e3o, com o objetivo de contribuir para o desenvolvimento das sociedades, com compet\u00eancia t\u00e9cnico-acad\u00eamica da profiss\u00e3o.<\/p>\n<p>&nbsp;<\/p>\n<p><strong>&#8211; Espec\u00edficos:<\/strong><\/p>\n<div class=\"shortcode-list shortcode-list-check\"><\/p>\n<ul>\n<li>Proporcionar vis\u00e3o ampla e abrangente dos sistemas de informa\u00e7\u00f5es cont\u00e1beis e gerenciais, habilitando o aluno a compreender, analisar e processar essas informa\u00e7\u00f5es, incentivando-o a agir dentro dos princ\u00edpios \u00e9ticos, morais e legais.<\/li>\n<li>Promover o bom relacionamento humano, dotando o aluno de compet\u00eancias e habilidades que viabilizem os agentes econ\u00f4micos e seus prepostos, o pleno cumprimento de responsabilidades perante a sociedade.<\/li>\n<li>Capacitar e preparar o aluno na assimila\u00e7\u00e3o da cultura e dos objetivos organizacionais, de interpretar tend\u00eancias de mercado, sem perder a consci\u00eancia e a dimens\u00e3o das quest\u00f5es \u00e9ticas, humanas e sociais.<\/li>\n<li>Prepar\u00e1-los para a compreens\u00e3o das especialidades da profiss\u00e3o cont\u00e1bil, tornando-os capazes de absorver as informa\u00e7\u00f5es necess\u00e1rias para se tornar especialista em qualquer uma das \u00e1reas de a\u00e7\u00e3o desta profiss\u00e3o.<\/li>\n<li>Oferecer forma\u00e7\u00e3o human\u00edstica adequada ao exerc\u00edcio profissional, habilitando-o a uma compreens\u00e3o do meio em que vive, seja social, pol\u00edtico, econ\u00f4mico ou cultural.<\/li>\n<\/ul>\n<p><\/div>\n<\/div><\/li>\r\n\r\n<li><h2 class='toggle-box-head title-color gdl-title'><span class='toggle-box-head-image'><\/span>Perfil<\/h2><div class='toggle-box-content'><p style=\"text-align: justify;\">\u00a0 \u00a0 \u00a0A Faculdade de Realeza tra\u00e7ou, no curso de Ci\u00eancias Cont\u00e1beis, para os futuros bachar\u00e9is o seguinte perfil profissional:<\/p>\n<p style=\"text-align: justify;\"><div class=\"shortcode-list shortcode-list-check\"><\/p>\n<ul>\n<li>nas organiza\u00e7\u00f5es micro, pequenas, m\u00e9dias e grandes, se optar por trabalhar como empregado;<\/li>\n<li>na qualidade de empres\u00e1rio da Contabilidade, se optar pelo seu pr\u00f3prio escrit\u00f3rio;<\/li>\n<li>na condi\u00e7\u00e3o de aut\u00f4nomo, se optar por ser consultor, perito cont\u00e1bil, auditor independente na forma de pessoa f\u00edsica, etc.<\/li>\n<\/ul>\n<p><\/div><\/p>\n<p>Para tanto, s\u00e3o desenvolvidas as seguintes compet\u00eancias e habilidades:<\/p>\n<div class=\"shortcode-list shortcode-list-check\"><\/p>\n<ul>\n<li>utilizar adequadamente a terminologia e a linguagem das Ci\u00eancias Cont\u00e1beis;<\/li>\n<li>demonstrar vis\u00e3o sist\u00eamica e interdisciplinar da atividade cont\u00e1bil;<\/li>\n<li>elaborar pareceres e relat\u00f3rios que contribuam para o desempenho eficiente e eficaz de seus usu\u00e1rios, quaisquer que sejam os modelos organizacionais;<\/li>\n<li>aplicar adequadamente a legisla\u00e7\u00e3o inerente \u00e0s fun\u00e7\u00f5es cont\u00e1beis;<\/li>\n<li>desenvolver, com motiva\u00e7\u00e3o e atrav\u00e9s de permanente articula\u00e7\u00e3o, a lideran\u00e7a entre equipes multidisciplinares para a capta\u00e7\u00e3o de insumos necess\u00e1rios aos controles t\u00e9cnicos, \u00e0 gera\u00e7\u00e3o e dissemina\u00e7\u00e3o de informa\u00e7\u00f5es cont\u00e1beis, com reconhecido n\u00edvel de precis\u00e3o;<\/li>\n<li>exercer suas responsabilidades com o expressivo dom\u00ednio das fun\u00e7\u00f5es cont\u00e1beis, de quantifica\u00e7\u00f5es de informa\u00e7\u00f5es financeiras, patrimoniais e governamentais, que viabilizem aos agentes econ\u00f4micos e aos administradores de qualquer segmento produtivo ou institucional o pleno cumprimento de seus encargos quanto ao gerenciamento, aos controles e \u00e0 presta\u00e7\u00e3o de contas de sua gest\u00e3o perante \u00e0 sociedade, gerando tamb\u00e9m informa\u00e7\u00f5es para a tomada de decis\u00e3o, organiza\u00e7\u00e3o de atitudes e constru\u00e7\u00e3o de valores orientados para a cidadania;<\/li>\n<li>desenvolver, analisar e implantar sistemas de informa\u00e7\u00e3o cont\u00e1bil e de controle gerencial, revelando capacidade cr\u00edtico-anal\u00edtica para avaliar as implica\u00e7\u00f5es organizacionais com a tecnologia da informa\u00e7\u00e3o;<\/li>\n<li>exercer com \u00e9tica e profici\u00eancia as atribui\u00e7\u00f5es e prerrogativas que lhe s\u00e3o prescritas atrav\u00e9s da legisla\u00e7\u00e3o espec\u00edfica, revelando dom\u00ednios adequados aos diferentes modelos organizacionais.<\/li>\n<\/ul>\n<p><\/div>\n<p>Contudo, para o profissional da Contabilidade, seu campo de atua\u00e7\u00e3o \u00e9 bastante diversificado, podendo atuar nas seguintes \u00e1reas:<\/p>\n<div class=\"shortcode-list shortcode-list-check\"><\/p>\n<ul>\n<li>Como contador: exercer a Contabilidade Financeira (ou Contabilidade Geral, ou Contabilidade Fiscal ou Contabilidade Societ\u00e1ria), a Contabilidade de Custos, a Contabilidade Gerencial e Contabilidade Estrat\u00e9gica. A Contabilidade Financeira ou Contabilidade Geral, quando aplicada a atividades espec\u00edficas, recebe uma &#8220;nova roupagem&#8221;, se considerarmos suas peculiaridades do ramo de atividades ao qual ela \u00e9 aplicada. Estas atividades precisam ser abordadas no curso, considerando, principalmente, as demandas regionais. Assim surgem a Contabilidade P\u00fablica, Contabilidade Rural, a Contabilidade Hospitalar, a Contabilidade Industrial, a Contabilidade Comercial, a Contabilidade Imobili\u00e1ria, a Contabilidade de Seguros, a Contabilidade de Servi\u00e7os, a Contabilidade de Transportes, a Contabilidade de Entidades sem Fins Lucrativos, etc.<\/li>\n<li>Como auditor: exercer Auditoria Interna, sendo empregado da empresa; ou Auditoria Externa, como aut\u00f4nomo ou em empresa de auditoria. A Auditoria Interna pode ser voltada exclusivamente para controles internos, como tamb\u00e9m pode estar voltada para Auditoria de Sistemas, ou Auditoria de Gest\u00e3o, ou ainda, de acordo com as necessidades de cada empresa. Assim sendo, o rec\u00e9m-formado em Contabilidade Superior, com registro no Conselho Regional de Contabilidade, j\u00e1 est\u00e1 habilitado ao exerc\u00edcio da Auditoria Externa, na condi\u00e7\u00e3o de profissional liberal ou aut\u00f4nomo. O Auditor Independente, da mesma forma que Auditor Interno, \u00e9 uma das \u00e1reas que mais cresce na profiss\u00e3o cont\u00e1bil.<\/li>\n<li>Como perito Cont\u00e1bil: Participar de per\u00edcias cont\u00e1beis, judiciais e extrajudiciais, assim como auditorias e outras atribui\u00e7\u00f5es, s\u00e3o privativas dos profissionais cont\u00e1beis (Resolu\u00e7\u00e3o CFC n\u00ba 560\/83 &#8211; Art. 3\u00ba). Tamb\u00e9m pode ser trabalho de perito cont\u00e1bil a apura\u00e7\u00e3o de haveres e avalia\u00e7\u00e3o de direitos e obriga\u00e7\u00f5es do acervo patrimonial de quaisquer entidades, em vista de liquida\u00e7\u00e3o, fus\u00e3o, cis\u00e3o, expropria\u00e7\u00e3o no interesse p\u00fablico, transforma\u00e7\u00e3o ou incorpora\u00e7\u00e3o dessas entidades, bem como em raz\u00e3o de entrada, retirada, exclus\u00e3o ou falecimento de s\u00f3cios, entre outras. A \u00e1rea de Per\u00edcia Cont\u00e1bil, diretamente ligada ao campo de direitos, das a\u00e7\u00f5es judiciais e extrajudiciais, requer aten\u00e7\u00e3o curricular e metodol\u00f3gica nos cursos de Contabilidade.<\/li>\n<li>Como Analista Financeiro: O curso de Ci\u00eancias Cont\u00e1beis prop\u00f5e-se a capacitar o profissional cont\u00e1bil para fazer an\u00e1lise econ\u00f4mico-financeira das entidades em tr\u00eas \u00e2ngulos:\n<ul>\n<li>an\u00e1lise de cr\u00e9dito: analista externo de entidades para fins de concess\u00e3o de cr\u00e9dito do ponto de vista da institui\u00e7\u00e3o financeira e vendas a prazo;<\/li>\n<li>an\u00e1lise de desempenho: analista interno que avalia indicadores de desempenho das entidades;<\/li>\n<li>an\u00e1lise de investimento: analista externo que tem por objetivo avaliar entidades para fins de investimento em n\u00edvel de mercado de capitais, novos neg\u00f3cios, fus\u00f5es, etc.<\/li>\n<\/ul>\n<\/li>\n<li>Como consultor: A consultoria cont\u00e1bil permite \u00e0s entidades, buscarem esporadicamente especialistas em determinadas \u00e1reas a um custo menor que a manuten\u00e7\u00e3o de um funcion\u00e1rio permanente. \u00c0 medida que o profissional se especializa numa determinada \u00e1rea, h\u00e1 um mercado consider\u00e1vel para presta\u00e7\u00e3o de servi\u00e7os de consultor: tributos, com\u00e9rcio exterior, contabilidade aplicada, processamento de dados, custos, sistemas, an\u00e1lise financeira, etc.<\/li>\n<li>Como Empres\u00e1rio da Contabilidade: Sem d\u00favida, a \u00e1rea onde h\u00e1 maior concentra\u00e7\u00e3o \u00e9 na atividade cont\u00e1bil.<\/li>\n<li>Em outras \u00e1reas como: Investigador de Fraudes Cont\u00e1beis, Pesquisador Cont\u00e1bil, Escritor Cont\u00e1bil, Professor de Curso T\u00e9cnico, Conselheiro Controller, Controlador de Arrecada\u00e7\u00e3o, Escriturador Cont\u00e1bil e Fiscal, Fiscal de Tributos, Conferencista, Parecerista, s\u00e3o alguns exemplos de fun\u00e7\u00f5es comuns aos contadores.<\/li>\n<\/ul>\n<p><\/div>\n<\/div><\/li>\r\n\r\n<li><h2 class='toggle-box-head title-color gdl-title'><span class='toggle-box-head-image'><\/span>Grade Curricular<\/h2><div class='toggle-box-content'><p style=\"text-align: justify;\">\u00a0 \u00a0 \u00a0O curr\u00edculo do curso de Ci\u00eancias Cont\u00e1beis est\u00e1 operacionalizado pelo regime seriado semestral, com a utiliza\u00e7\u00e3o de todos os dias \u00fateis da semana, cumprindo-se o m\u00ednimo de duzentos dias letivos, exclu\u00eddos ou reservados a exames \u2013 integralizando o total 3.000 horas, em atendimento \u00e0 Resolu\u00e7\u00e3o CNE\/CES n\u00ba 2, de 18 de junho de 2007 (publicada no DOU de 19\/6\/2007, com incorre\u00e7\u00e3o do original e republicado no DOU N\u00ba 179, 17\/9\/2007), que define a carga hor\u00e1ria m\u00ednima dos cursos de gradua\u00e7\u00e3o, bacharelados na modalidade presencial.<\/p>\n<p>\u00a0 \u00a0 \u00a0DISCIPLINAS:<\/p>\n<div class=\"shortcode-list shortcode-list-check\"><\/p>\n<ul>\n<li>Administra\u00e7\u00e3o Financeira e Or\u00e7ament\u00e1ria<\/li>\n<li>Administra\u00e7\u00e3o Mercadol\u00f3gica<\/li>\n<li>An\u00e1lise das Demonstra\u00e7\u00f5es Financeiras<\/li>\n<li>Auditoria Cont\u00e1bil<\/li>\n<li>Contabilidade Agr\u00edcola e Pecu\u00e1ria<\/li>\n<li>Contabilidade Avan\u00e7ada<\/li>\n<li>Contabilidade Banc\u00e1ria e Mecanismos das Institui\u00e7\u00f5es Financeiras<\/li>\n<li>Contabilidade Comercial<\/li>\n<li>Contabilidade e An\u00e1lise de Custos<\/li>\n<li>Contabilidade Fiscal e Planejamento Tribut\u00e1rio<\/li>\n<li>Contabilidade Geral<\/li>\n<li>Contabilidade Gerencial<\/li>\n<li>Contabilidade P\u00fablica<\/li>\n<li>Controladoria<\/li>\n<li>Direito<\/li>\n<li>Direito Empresarial<\/li>\n<li>Direito Tribut\u00e1rio<\/li>\n<li>Economia<\/li>\n<li>Economia Brasileira<\/li>\n<li>Estat\u00edstica<\/li>\n<li>Filosofia e \u00c9tica<\/li>\n<li>Inform\u00e1tica<\/li>\n<li>Laborat\u00f3rio Cont\u00e1bil<\/li>\n<li>Legisla\u00e7\u00e3o Trabalhista<\/li>\n<li>Matem\u00e1tica<\/li>\n<li>Matem\u00e1tica Financeira<\/li>\n<li>M\u00e9todos e T\u00e9cnicas de Pesquisa<\/li>\n<li>M\u00e9todos Quantitativos<\/li>\n<li>Organiza\u00e7\u00e3o, Sistemas e M\u00e9todos<\/li>\n<li>Per\u00edcia Cont\u00e1bil<\/li>\n<li>Portugu\u00eas<\/li>\n<li>Psicologia<\/li>\n<li>Sistemas de Informa\u00e7\u00f5es Gerenciais<\/li>\n<li>Sociologia<\/li>\n<li>Teoria da Contabilidade<\/li>\n<li>Teorias da Administra\u00e7\u00e3o<\/li>\n<\/ul>\n<p><\/div>\n<div class=\"message-box-wrapper yellow\"><div class=\"message-box-title\">RESUMO<\/div><div class=\"message-box-content\"><\/p>\n<p><strong>CARGA HOR\u00c1RIA GERAL:<\/strong> 2400h\/a<\/p>\n<p><strong>ATIVIDADES COMPLEMENTARES:<\/strong> 300h\/a<\/p>\n<p><strong>EST\u00c1GIO SUPERVISIONADO:<\/strong> 300h\/a<\/p>\n<p><strong>CARGA HOR\u00c1RIA TOTAL:<\/strong> 3000h\/a<\/p>\n<p><strong>DISCIPLINA OPTATIVA LIBRAS (Decreto no 5.626\/2005, art. 3\u00ba, \u00a7 2\u00ba):<\/strong> 60h\/a<\/p>\n<p>\n<\/div><\/div>\n<\/div><\/li>\r\n<li><h2 class='toggle-box-head title-color gdl-title'><span class='toggle-box-head-image'><\/span>Fundamenta\u00e7\u00e3o Legal<\/h2><div class='toggle-box-content'><div class=\"message-box-wrapper blue\"><div class=\"message-box-title\">AUTORIZA\u00c7\u00c3O<\/div><div class=\"message-box-content\"><\/p>\n<p><strong>Documento:<\/strong> Portaria MEC<\/p>\n<p><strong>N\u00ba Documento:<\/strong>\u00a04.177 de 02\/12\/2005<\/p>\n<p><strong>Data de publica\u00e7\u00e3o:<\/strong>\u00a005\/12\/2005<\/p>\n<p><strong>N\u00ba Parecer \/ Despacho:<\/strong>\u00a02.411\/2005 SESu<\/p>\n<p>\n<\/div><\/div>\n<div class=\"message-box-wrapper blue\"><div class=\"message-box-title\">RECONHECIMENTO<\/div><div class=\"message-box-content\"><\/p>\n<p><strong>Documento:<\/strong>\u00a0Portaria SESu\/MEC<\/p>\n<p><strong>N\u00ba Documento:<\/strong>\u00a0660 de 21\/03\/2011<\/p>\n<p><strong>Data de Publica\u00e7\u00e3o:<\/strong>\u00a023\/03\/2011<\/p>\n<\/div><\/div>\n<p>&nbsp;<\/p>\n<\/div><\/li>\r\n<\/ul>\n<p>&nbsp;<\/p>\n<div class=\"divider\"><div class=\"scroll-top\">TOPO<\/div><\/div>\n","protected":false},"excerpt":{"rendered":"<p>&nbsp; &nbsp;<\/p>\n","protected":false},"author":1,"featured_media":0,"parent":0,"menu_order":0,"comment_status":"closed","ping_status":"closed","template":"","meta":{"footnotes":""},"class_list":["post-378","page","type-page","status-publish","hentry"],"_links":{"self":[{"href":"http:\/\/reges.com.br\/realeza\/wp-json\/wp\/v2\/pages\/378","targetHints":{"allow":["GET"]}}],"collection":[{"href":"http:\/\/reges.com.br\/realeza\/wp-json\/wp\/v2\/pages"}],"about":[{"href":"http:\/\/reges.com.br\/realeza\/wp-json\/wp\/v2\/types\/page"}],"author":[{"embeddable":true,"href":"http:\/\/reges.com.br\/realeza\/wp-json\/wp\/v2\/users\/1"}],"replies":[{"embeddable":true,"href":"http:\/\/reges.com.br\/realeza\/wp-json\/wp\/v2\/comments?post=378"}],"version-history":[{"count":5,"href":"http:\/\/reges.com.br\/realeza\/wp-json\/wp\/v2\/pages\/378\/revisions"}],"predecessor-version":[{"id":384,"href":"http:\/\/reges.com.br\/realeza\/wp-json\/wp\/v2\/pages\/378\/revisions\/384"}],"wp:attachment":[{"href":"http:\/\/reges.com.br\/realeza\/wp-json\/wp\/v2\/media?parent=378"}],"curies":[{"name":"wp","href":"https:\/\/api.w.org\/{rel}","templated":true}]}}