{"id":366,"date":"2012-10-10T11:29:17","date_gmt":"2012-10-10T14:29:17","guid":{"rendered":"http:\/\/reges.com.br\/realeza\/?page_id=366"},"modified":"2012-10-10T11:44:01","modified_gmt":"2012-10-10T14:44:01","slug":"administracao","status":"publish","type":"page","link":"http:\/\/reges.com.br\/realeza\/administracao\/","title":{"rendered":"Administra\u00e7\u00e3o"},"content":{"rendered":"<p><img decoding=\"async\" class=\"alignleft size-full wp-image-160\" title=\"curso-adm\" src=\"http:\/\/reges.com.br\/realeza\/wp-content\/uploads\/2012\/10\/internoadm.png\" alt=\"\" \/><br \/>\n&nbsp;<\/p>\n<ul class='gdl-toggle-box'>\r\n\r\n<li><h2 class='toggle-box-head title-color gdl-title'><span class='toggle-box-head-image'><\/span>Objetivos<\/h2><div class='toggle-box-content'><p><strong>&#8211; Geral:<\/strong><\/p>\n<p style=\"text-align: justify;\">O curso de Administra\u00e7\u00e3o destina-se \u00e0 forma\u00e7\u00e3o de administradores, capacitados e qualificados ao exerc\u00edcio profissional, com perfil diferenciado, generalista\/polivalente, com forma\u00e7\u00e3o global e human\u00edstica forte, que seja um h\u00e1bil negociador, planejador por excel\u00eancia e preparado para conduzir grupos de trabalho a exercerem atividades para as organiza\u00e7\u00f5es, orientados pelos valores morais de nossa sociedade e pela institui\u00e7\u00e3o, com o objetivo de contribuir para o desenvolvimento das sociedades.<\/p>\n<p>&nbsp;<\/p>\n<p><strong>&#8211; Espec\u00edficos:<\/strong><\/p>\n<p style=\"text-align: justify;\">O Curso se prop\u00f5e, entre outros, alcan\u00e7ar, prioritariamente, os seguintes objetivos espec\u00edficos:<\/p>\n<p style=\"text-align: justify;\">&#8211; capacitar os alunos para trabalharem em organiza\u00e7\u00f5es p\u00fablicas e privadas, engajados com as transforma\u00e7\u00f5es das estruturas s\u00f3cio-econ\u00f4micas;<\/p>\n<p style=\"text-align: justify;\">&#8211; proporcionar aos alunos a compreens\u00e3o dos processos e pr\u00e1ticas administrativas das organiza\u00e7\u00f5es;<\/p>\n<p style=\"text-align: justify;\">&#8211; instrumentalizar os alunos para o uso dos recursos tecnol\u00f3gicos dispon\u00edveis na \u00e1rea de Gest\u00e3o;<\/p>\n<p style=\"text-align: justify;\">&#8211; desenvolver nos alunos o dom\u00ednio dos princ\u00edpios e fases da administra\u00e7\u00e3o em geral;<\/p>\n<p style=\"text-align: justify;\">&#8211; desenvolver o esp\u00edrito cr\u00edtico e o potencial empreendedor, integrando o processo formativo com a realidade regional e nacional;<\/p>\n<p style=\"text-align: justify;\">&#8211; desenvolver nos alunos o esp\u00edrito de lideran\u00e7a e a consci\u00eancia de que devem agir eticamente, com responsabilidade e cidadania;<\/p>\n<p style=\"text-align: justify;\">&#8211; proporcionar uma vis\u00e3o sist\u00eamica da administra\u00e7\u00e3o geral no \u00e2mbito da realidade social, no \u00e2mbito local, regional, nacional e mundial;<\/p>\n<p style=\"text-align: justify;\">&#8211; formar profissionais competentes que possam atender \u00e0s demandas do mercado de trabalho com eleva\u00e7\u00e3o dos n\u00edveis de qualidade de gest\u00e3o, t\u00e9cnicas de assessoramento e metodologias de projeto;<\/p>\n<p style=\"text-align: justify;\">&#8211; desenvolver entre os alunos a capacidade de pesquisas e t\u00e9cnicas inovadoras;<\/p>\n<p style=\"text-align: justify;\">&#8211; oportunizar aos alunos a aplica\u00e7\u00e3o dos conte\u00fados program\u00e1ticos das mat\u00e9rias estudadas, visando a integra\u00e7\u00e3o entre o estudado e a realidade que se apresenta no mercado de trabalho profissional.<\/p>\n<\/div><\/li>\r\n\r\n<li><h2 class='toggle-box-head title-color gdl-title'><span class='toggle-box-head-image'><\/span>Perfil<\/h2><div class='toggle-box-content'><p style=\"text-align: justify;\">\u00a0 \u00a0 \u00a0A Faculdade de Realeza tra\u00e7ou, no curso de Administra\u00e7\u00e3o, para os futuros bachar\u00e9is o seguinte perfil profissional:<\/p>\n<p style=\"text-align: justify;\">\u00a0 \u00a0 \u00a0O administrador \u00e9 o profissional respons\u00e1vel pela defini\u00e7\u00e3o, an\u00e1lise e cumprimento das metas da organiza\u00e7\u00e3o. Trabalha em praticamente todos os departamentos, nos quais geram recursos financeiros, mat\u00e9rias, humanos e mercadol\u00f3gicos.<\/p>\n<p style=\"text-align: justify;\">\u00a0 \u00a0 \u00a0Conduz as rela\u00e7\u00f5es entre a empresa e os empregados, participando dos processos de sele\u00e7\u00e3o, admiss\u00e3o e demiss\u00e3o de funcion\u00e1rios e do relacionamento com os sindicatos de cada categoria. Implementa planos de carreira e programas de benef\u00edcios.<\/p>\n<p style=\"text-align: justify;\">\u00a0 \u00a0 \u00a0Coordena, ainda, os recursos materiais da organiza\u00e7\u00e3o, controlando compra e estocagem de mat\u00e9rias-primas, insumos e produtos finais. No setor financeiro, \u00e9 respons\u00e1vel pela gest\u00e3o dos custos, or\u00e7amentos e fluxo de caixa. Tamb\u00e9m se envolve com a publicidade e o marketing, na promo\u00e7\u00e3o de vendas dos produtos\/servi\u00e7os da empresa.<\/p>\n<p style=\"text-align: justify;\">\u00a0 \u00a0 \u00a0Para tanto, s\u00e3o desenvolvidas as seguintes compet\u00eancias e habilidades:<\/p>\n<div class=\"shortcode-list shortcode-list-check\"><\/p>\n<ul>\n<li>comunica\u00e7\u00e3o interpessoal e express\u00e3o correta dos documentos t\u00e9cnicos e espec\u00edficos;<\/li>\n<li>negocia\u00e7\u00e3o atrav\u00e9s de modernas t\u00e9cnicas, do discurso e da orat\u00f3ria, com vistas ao poder de persuas\u00e3o e intermedia\u00e7\u00e3o de impasses;<\/li>\n<li>planejamento e utiliza\u00e7\u00e3o dos recursos de tecnologia da informa\u00e7\u00e3o nas organiza\u00e7\u00f5es;<\/li>\n<li>utiliza\u00e7\u00e3o de racioc\u00ednio l\u00f3gico, cr\u00edtico e anal\u00edtico para operar com valores, formula\u00e7\u00f5es matem\u00e1ticas e estat\u00edsticas;<\/li>\n<li>implementa\u00e7\u00e3o de modelos de gest\u00e3o inovadores;<\/li>\n<li>capacidade de empreender a\u00e7\u00f5es analisando criticamente as organiza\u00e7\u00f5es, antecipando e promovendo suas transforma\u00e7\u00f5es;<\/li>\n<li>avalia\u00e7\u00e3o dos impactos das a\u00e7\u00f5es da pol\u00edtica econ\u00f4mica na organiza\u00e7\u00e3o;<\/li>\n<li>an\u00e1lise estrat\u00e9gica do neg\u00f3cio &#8211; utilizando metodologia e ferramentas adequadas;<\/li>\n<li>elabora\u00e7\u00e3o, implementa\u00e7\u00e3o e consolida\u00e7\u00e3o de projetos p\u00fablicos e privados;<\/li>\n<li>an\u00e1lise e interpreta\u00e7\u00e3o de dados financeiros pertinentes \u00e0 gest\u00e3o organizacional, com vistas \u00e0 tomada de decis\u00e3o;<\/li>\n<li>estabelecimento dos objetivos de marketing e estimativa dos resultados esperados;<\/li>\n<li>administra\u00e7\u00e3o de talentos e do capital intelectual das organiza\u00e7\u00f5es;<\/li>\n<li>identifica\u00e7\u00e3o, avalia\u00e7\u00e3o e implementa\u00e7\u00e3o de estrat\u00e9gias de log\u00edstica, armazenamento e produ\u00e7\u00e3o de produtos\/servi\u00e7os da organiza\u00e7\u00e3o.<\/li>\n<\/ul>\n<p><\/div>\n<p>&nbsp;<\/p>\n<p>De maneira geral, o egresso de Administra\u00e7\u00e3o tem um universo de atua\u00e7\u00e3o amplo no segmento empresarial, atendo diversas fun\u00e7\u00f5es\/\u00e1reas de neg\u00f3cio como:<\/p>\n<div class=\"shortcode-list shortcode-list-check\"><\/p>\n<ul>\n<li>executivo empresarial;<\/li>\n<li>gestor empresarial;<\/li>\n<li>assessor de \u00e1rea estrat\u00e9gica;<\/li>\n<li>consultor de empresas;<\/li>\n<li>gerente de \u00e1rea (finan\u00e7as, produ\u00e7\u00e3o, marketing e recursos humanos).<\/li>\n<\/ul>\n<p><\/div>\n<\/div><\/li>\r\n\r\n<li><h2 class='toggle-box-head title-color gdl-title'><span class='toggle-box-head-image'><\/span>Grade Curricular<\/h2><div class='toggle-box-content'><p style=\"text-align: justify;\">\u00a0 \u00a0 \u00a0O curr\u00edculo do curso de Administra\u00e7\u00e3o est\u00e1 operacionalizado pelo regime seriado semestral, com a utiliza\u00e7\u00e3o de todos os dias \u00fateis da semana, cumprindo-se o m\u00ednimo de duzentos dias letivos, exclu\u00eddos ou reservados a exames \u2013 integralizando o total 3.000 horas, em atendimento \u00e0 Resolu\u00e7\u00e3o CNE\/CES n\u00ba 2, de 18 de junho de 2007 (publicada no DOU de 19\/6\/2007, com incorre\u00e7\u00e3o do original e republicado no DOU N\u00ba 179, 17\/9\/2007), que define a carga hor\u00e1ria m\u00ednima dos cursos de gradua\u00e7\u00e3o, bacharelados na modalidade presencial.<\/p>\n<p>\u00a0 \u00a0 \u00a0Curso de Administra\u00e7\u00e3o autorizado pela Portaria Ministerial n\u00ba 1.718, de 01 de agosto de 2001, D.O.U. de 06\/08\/2001, e reconhecido pela Portaria Ministerial n\u00ba 4.447, de 22 de dezembro de 2005, D.O.U. de 23\/12\/2005.<\/p>\n<div class=\"shortcode-list shortcode-list-check\"><\/p>\n<ul>\n<li>Administra\u00e7\u00e3o da Produ\u00e7\u00e3o<\/li>\n<li>Administra\u00e7\u00e3o de Custos e Controladoria<\/li>\n<li>Administra\u00e7\u00e3o de Recursos Humanos<\/li>\n<li>Administra\u00e7\u00e3o de Recursos Materiais e Patrimoniais<\/li>\n<li>Administra\u00e7\u00e3o de Servi\u00e7os<\/li>\n<li>Administra\u00e7\u00e3o de Sistemas de Informa\u00e7\u00e3o<\/li>\n<li>Administra\u00e7\u00e3o Financeira e Or\u00e7ament\u00e1ria<\/li>\n<li>Administra\u00e7\u00e3o Mercadol\u00f3gica<\/li>\n<li>Agroneg\u00f3cio<\/li>\n<li>An\u00e1lise das Demonstra\u00e7\u00f5es Financeiras<\/li>\n<li>Contabilidade Geral<\/li>\n<li>Direito<\/li>\n<li>Direito Tribut\u00e1rio<\/li>\n<li>Economia<\/li>\n<li>Economia Brasileira<\/li>\n<li>Elabora\u00e7\u00e3o e An\u00e1lise de Projetos<\/li>\n<li>Empreendedorismo<\/li>\n<li>Estat\u00edstica<\/li>\n<li>Estrat\u00e9gia Empresarial e Pol\u00edticas de Neg\u00f3cios<\/li>\n<li>Filosofia e \u00c9tica<\/li>\n<li>Inform\u00e1tica<\/li>\n<li>Log\u00edstica Empresarial<\/li>\n<li>Matem\u00e1tica<\/li>\n<li>Matem\u00e1tica Financeira<\/li>\n<li>M\u00e9todos e T\u00e9cnicas de Pesquisa<\/li>\n<li>Organiza\u00e7\u00e3o, Sistemas e M\u00e9todos<\/li>\n<li>Portugu\u00eas<\/li>\n<li>Psicologia<\/li>\n<li>Sociologia<\/li>\n<li>Tecnologias da Administra\u00e7\u00e3o<\/li>\n<li>Teorias da Administra\u00e7\u00e3o<\/li>\n<li>T\u00f3picos Avan\u00e7ados em Administra\u00e7\u00e3o<\/li>\n<\/ul>\n<p><\/div>\n<div class=\"message-box-wrapper yellow\"><div class=\"message-box-title\">RESUMO<\/div><div class=\"message-box-content\"><\/p>\n<p><strong>CARGA HOR\u00c1RIA GERAL:<\/strong> 2400h\/a<\/p>\n<p><strong>ATIVIDADES COMPLEMENTARES:<\/strong> 300h\/a<\/p>\n<p><strong>EST\u00c1GIO SUPERVISIONADO:<\/strong> 300h\/a<\/p>\n<p><strong>CARGA HOR\u00c1RIA TOTAL:<\/strong> 3000h\/a<\/p>\n<p><strong>DISCIPLINA OPTATIVA LIBRAS (Decreto no 5.626\/2005, art. 3\u00ba, \u00a7 2\u00ba):<\/strong> 60h\/a<\/p>\n<p>\n<\/div><\/div>\n<\/div><\/li>\r\n<li><h2 class='toggle-box-head title-color gdl-title'><span class='toggle-box-head-image'><\/span>Fundamenta\u00e7\u00e3o Legal<\/h2><div class='toggle-box-content'><div class=\"message-box-wrapper blue\"><div class=\"message-box-title\">AUTORIZA\u00c7\u00c3O<\/div><div class=\"message-box-content\"><\/p>\n<p><strong>Documento:<\/strong> Portaria MEC<\/p>\n<p><strong>N\u00ba Documento:<\/strong>\u00a01718 de 01\/08\/2001<\/p>\n<p><strong>Data de publica\u00e7\u00e3o:<\/strong>\u00a006\/08\/2001<\/p>\n<p><strong>N\u00ba Parecer \/ Despacho:<\/strong>\u00a01065\/2001 CES\/CNE<\/p>\n<p><strong>Data Parecer \/ Despacho:<\/strong>\u00a004\/07\/2001<\/p>\n<p>\n<\/div><\/div>\n<div class=\"message-box-wrapper blue\"><div class=\"message-box-title\">RECONHECIMENTO<\/div><div class=\"message-box-content\"><\/p>\n<p><strong>Documento:<\/strong> Portaria MEC<\/p>\n<p><strong>N\u00ba Documento:<\/strong>\u00a04.447 de 22\/12\/2005<\/p>\n<p><strong>Data de Publica\u00e7\u00e3o:<\/strong>\u00a023\/12\/2005<\/p>\n<p><strong>N\u00ba Parecer \/ Despacho:<\/strong>\u00a02.033\/2005 SESu<\/p>\n<p>\n<\/div><\/div>\n<p>&nbsp;<\/p>\n<\/div><\/li>\r\n<\/ul>\n<p>&nbsp;<\/p>\n<div class=\"divider\"><div class=\"scroll-top\">TOPO<\/div><\/div>\n","protected":false},"excerpt":{"rendered":"<p>&nbsp; &nbsp;<\/p>\n","protected":false},"author":1,"featured_media":0,"parent":0,"menu_order":0,"comment_status":"closed","ping_status":"closed","template":"","meta":{"footnotes":""},"class_list":["post-366","page","type-page","status-publish","hentry"],"_links":{"self":[{"href":"http:\/\/reges.com.br\/realeza\/wp-json\/wp\/v2\/pages\/366","targetHints":{"allow":["GET"]}}],"collection":[{"href":"http:\/\/reges.com.br\/realeza\/wp-json\/wp\/v2\/pages"}],"about":[{"href":"http:\/\/reges.com.br\/realeza\/wp-json\/wp\/v2\/types\/page"}],"author":[{"embeddable":true,"href":"http:\/\/reges.com.br\/realeza\/wp-json\/wp\/v2\/users\/1"}],"replies":[{"embeddable":true,"href":"http:\/\/reges.com.br\/realeza\/wp-json\/wp\/v2\/comments?post=366"}],"version-history":[{"count":6,"href":"http:\/\/reges.com.br\/realeza\/wp-json\/wp\/v2\/pages\/366\/revisions"}],"predecessor-version":[{"id":377,"href":"http:\/\/reges.com.br\/realeza\/wp-json\/wp\/v2\/pages\/366\/revisions\/377"}],"wp:attachment":[{"href":"http:\/\/reges.com.br\/realeza\/wp-json\/wp\/v2\/media?parent=366"}],"curies":[{"name":"wp","href":"https:\/\/api.w.org\/{rel}","templated":true}]}}